{"id":209,"date":"2024-09-18T12:03:36","date_gmt":"2024-09-18T10:03:36","guid":{"rendered":"https:\/\/www.vss-formation.fr\/?page_id=209"},"modified":"2026-01-14T10:57:09","modified_gmt":"2026-01-14T09:57:09","slug":"who-we-are","status":"publish","type":"page","link":"https:\/\/www.vss-formation.fr\/en\/qui-sommes-nous\/","title":{"rendered":"About us"},"content":{"rendered":"<p>[et_pb_section fb_built=\u00a0\u00bb1&Prime; custom_padding_last_edited=\u00a0\u00bbon|phone\u00a0\u00bb admin_label=\u00a0\u00bbHeader\u00a0\u00bb _builder_version=\u00a0\u00bb4.27.2&Prime; _module_preset=\u00a0\u00bbdefault\u00a0\u00bb background_enable_color=\u00a0\u00bboff\u00a0\u00bb use_background_color_gradient=\u00a0\u00bbon\u00a0\u00bb background_color_gradient_direction=\u00a0\u00bb166deg\u00a0\u00bb background_color_gradient_stops=\u00a0\u00bbrgba(30,159,152,0.95) 52%|rgba(30,159,152,0.3) 100%\u00a0\u00bb background_color_gradient_overlays_image=\u00a0\u00bbon\u00a0\u00bb background_image=\u00a0\u00bbhttps:\/\/www.vss-formation.fr\/wp-content\/uploads\/2024\/10\/Photo-AMphi_22-fev-2024_IMG_20240221_163525-1.jpg\u00a0\u00bb z_index=\u00a0\u00bb120&Prime; custom_margin=\u00a0\u00bb||||false|false\u00a0\u00bb custom_padding=\u00a0\u00bb0px||100px||false|false\u00a0\u00bb custom_padding_tablet=\u00a0\u00bb60px||60px||true|false\u00a0\u00bb custom_padding_phone=\u00a0\u00bb40px||40px||true|false\u00a0\u00bb bottom_divider_color=\u00a0\u00bb#FFFFFF\u00a0\u00bb bottom_divider_height=\u00a0\u00bb274px\u00a0\u00bb bottom_divider_repeat=\u00a0\u00bb1x\u00a0\u00bb background_last_edited=\u00a0\u00bbon|phone\u00a0\u00bb use_background_color_gradient_tablet=\u00a0\u00bbon\u00a0\u00bb use_background_color_gradient_phone=\u00a0\u00bbon\u00a0\u00bb background_color_gradient_direction_tablet=\u00a0\u00bb180deg\u00a0\u00bb background_color_gradient_stops_tablet=\u00a0\u00bb#1e9f98 0%|rgba(30,159,152,0.95) 68%|rgba(30,159,152,0.3) 100%\u00a0\u00bb background_color_gradient_stops_phone=\u00a0\u00bb#1e9f98 22%|rgba(30,159,152,0.91) 69%|rgba(30,159,152,0.62) 100%\u00a0\u00bb collapsed=\u00a0\u00bbon\u00a0\u00bb global_colors_info=\u00a0\u00bb{%22gcid-545c17f1-4e53-478d-9e2b-03daafc524a2%22:%91%22background_color%22,%22background_color%22,%22background_color%22,%22background_color%22,%22background_color%22%93}\u00a0\u00bb][et_pb_row _builder_version=\u00a0\u00bb4.27.0&Prime; _module_preset=\u00a0\u00bbdefault\u00a0\u00bb custom_margin=\u00a0\u00bb||0px||false|false\u00a0\u00bb custom_padding=\u00a0\u00bb||0px||false|false\u00a0\u00bb global_colors_info=\u00a0\u00bb{}\u00a0\u00bb][et_pb_column type=\u00a0\u00bb4_4&Prime; _builder_version=\u00a0\u00bb4.27.0&Prime; _module_preset=\u00a0\u00bbdefault\u00a0\u00bb custom_padding=\u00a0\u00bb100px||||false|false\u00a0\u00bb custom_padding_tablet=\u00a0\u00bb0px||||false|false\u00a0\u00bb custom_padding_phone=\u00a0\u00bb||||false|false\u00a0\u00bb custom_padding_last_edited=\u00a0\u00bbon|phone\u00a0\u00bb global_colors_info=\u00a0\u00bb{}\u00a0\u00bb][et_pb_heading title=\u00a0\u00bbQui sommes-nous\u00a0\u00bb _builder_version=\u00a0\u00bb4.27.0&Prime; _module_preset=\u00a0\u00bb_initial\u00a0\u00bb title_font=\u00a0\u00bbArial|800||on|||||\u00a0\u00bb title_text_color=\u00a0\u00bb#FFFFFF\u00a0\u00bb title_font_size=\u00a0\u00bb3.5vw\u00a0\u00bb title_line_height=\u00a0\u00bb1.1em\u00a0\u00bb custom_margin=\u00a0\u00bb||40px||false|false\u00a0\u00bb title_font_size_tablet=\u00a0\u00bb40px\u00a0\u00bb title_font_size_phone=\u00a0\u00bb32px\u00a0\u00bb title_font_size_last_edited=\u00a0\u00bbon|phone\u00a0\u00bb global_colors_info=\u00a0\u00bb{}\u00a0\u00bb][\/et_pb_heading][et_pb_text quote_border_color=\u00a0\u00bb#2f4858&Prime; _builder_version=\u00a0\u00bb4.27.0&Prime; _module_preset=\u00a0\u00bb_initial\u00a0\u00bb text_font=\u00a0\u00bbInter|300|||||||\u00a0\u00bb text_text_color=\u00a0\u00bb#FFFFFF\u00a0\u00bb text_font_size=\u00a0\u00bb18px\u00a0\u00bb text_line_height=\u00a0\u00bb1.6em\u00a0\u00bb link_font=\u00a0\u00bb|||||||#FFFFFF|\u00a0\u00bb link_text_color=\u00a0\u00bb#FFFFFF\u00a0\u00bb quote_font=\u00a0\u00bbSedan||||||||\u00a0\u00bb quote_text_color=\u00a0\u00bb#2f4858&Prime; quote_font_size=\u00a0\u00bb24px\u00a0\u00bb quote_line_height=\u00a0\u00bb1.4em\u00a0\u00bb header_font=\u00a0\u00bbSedan||||||||\u00a0\u00bb header_font_size=\u00a0\u00bb72px\u00a0\u00bb header_line_height=\u00a0\u00bb1.2em\u00a0\u00bb header_2_font=\u00a0\u00bbSedan||||||||\u00a0\u00bb header_2_font_size=\u00a0\u00bb52px\u00a0\u00bb header_2_line_height=\u00a0\u00bb1.2em\u00a0\u00bb header_3_font=\u00a0\u00bbSedan||||||||\u00a0\u00bb header_3_font_size=\u00a0\u00bb36px\u00a0\u00bb header_3_line_height=\u00a0\u00bb1.4em\u00a0\u00bb header_4_font=\u00a0\u00bbSedan||||||||\u00a0\u00bb header_4_font_size=\u00a0\u00bb24px\u00a0\u00bb header_4_line_height=\u00a0\u00bb1.4em\u00a0\u00bb header_5_font=\u00a0\u00bbSedan||||||||\u00a0\u00bb header_5_font_size=\u00a0\u00bb20px\u00a0\u00bb header_5_line_height=\u00a0\u00bb1.4em\u00a0\u00bb header_6_font=\u00a0\u00bbInter|700|||||||\u00a0\u00bb header_6_font_size=\u00a0\u00bb16px\u00a0\u00bb header_6_line_height=\u00a0\u00bb1.4em\u00a0\u00bb text_orientation=\u00a0\u00bbjustified\u00a0\u00bb custom_margin=\u00a0\u00bb||50px|||\u00a0\u00bb text_font_size_tablet=\u00a0\u00bb15px\u00a0\u00bb text_font_size_phone=\u00a0\u00bb14px\u00a0\u00bb text_font_size_last_edited=\u00a0\u00bbon|phone\u00a0\u00bb quote_font_size_tablet=\u00a0\u00bb16px\u00a0\u00bb quote_font_size_phone=\u00a0\u00bb15px\u00a0\u00bb quote_font_size_last_edited=\u00a0\u00bbon|phone\u00a0\u00bb header_font_size_tablet=\u00a0\u00bb40px\u00a0\u00bb header_font_size_phone=\u00a0\u00bb24px\u00a0\u00bb header_font_size_last_edited=\u00a0\u00bbon|phone\u00a0\u00bb header_2_font_size_tablet=\u00a0\u00bb32px\u00a0\u00bb header_2_font_size_phone=\u00a0\u00bb20px\u00a0\u00bb header_2_font_size_last_edited=\u00a0\u00bbon|phone\u00a0\u00bb header_3_font_size_tablet=\u00a0\u00bb20px\u00a0\u00bb header_3_font_size_phone=\u00a0\u00bb18px\u00a0\u00bb header_3_font_size_last_edited=\u00a0\u00bbon|phone\u00a0\u00bb header_4_font_size_tablet=\u00a0\u00bb16px\u00a0\u00bb header_4_font_size_phone=\u00a0\u00bb15px\u00a0\u00bb header_4_font_size_last_edited=\u00a0\u00bbon|phone\u00a0\u00bb header_5_font_size_tablet=\u00a0\u00bb15px\u00a0\u00bb header_5_font_size_phone=\u00a0\u00bb14px\u00a0\u00bb header_5_font_size_last_edited=\u00a0\u00bbon|phone\u00a0\u00bb header_6_font_size_tablet=\u00a0\u00bb14px\u00a0\u00bb header_6_font_size_phone=\u00a0\u00bb14px\u00a0\u00bb header_6_font_size_last_edited=\u00a0\u00bbon|phone\u00a0\u00bb global_colors_info=\u00a0\u00bb{}\u00a0\u00bb]<\/p>\n<p>VSS-FORMATION est un r\u00e9seau ind\u00e9pendant de formatrices, formateurs et intervenant\u00b7es expert\u00b7es en mati\u00e8re de violences sexistes et sexuelles (VSS) dans l\u2019enseignement sup\u00e9rieur et la recherche (ESR). <br \/>Chaque formatrice ou formateur est ou a \u00e9t\u00e9 en poste dans un \u00e9tablissement d\u2019enseignement sup\u00e9rieur, et a \u00e9t\u00e9 impliqu\u00e9.e dans la cr\u00e9ation ou le d\u00e9veloppement d\u2019un dispositif de signalement ou de traitement des violences sexistes et sexuelles. <\/p>\n<p>[\/et_pb_text][et_pb_button button_url=\u00a0\u00bb#equipe\u00a0\u00bb button_text=\u00a0\u00bbNotre \u00e9quipe\u00a0\u00bb _builder_version=\u00a0\u00bb4.27.0&Prime; _module_preset=\u00a0\u00bb_initial\u00a0\u00bb custom_button=\u00a0\u00bbon\u00a0\u00bb button_text_size=\u00a0\u00bb14px\u00a0\u00bb button_text_color=\u00a0\u00bb#FFFFFF\u00a0\u00bb button_bg_color=\u00a0\u00bb#ff6b56&Prime; button_border_width=\u00a0\u00bb0px\u00a0\u00bb button_border_radius=\u00a0\u00bb40px\u00a0\u00bb button_letter_spacing=\u00a0\u00bb0.04em\u00a0\u00bb button_font=\u00a0\u00bbInter|700||on|||||\u00a0\u00bb button_icon=\u00a0\u00bb&#x24;||divi||400&Prime; button_on_hover=\u00a0\u00bboff\u00a0\u00bb custom_padding=\u00a0\u00bb12px|50px|12px|30px|true|false\u00a0\u00bb global_colors_info=\u00a0\u00bb{}\u00a0\u00bb][\/et_pb_button][\/et_pb_column][\/et_pb_row][\/et_pb_section][et_pb_section fb_built=\u00a0\u00bb1&Prime; custom_padding_last_edited=\u00a0\u00bbon|phone\u00a0\u00bb admin_label=\u00a0\u00bbAbout\u00a0\u00bb module_id=\u00a0\u00bbequipe\u00a0\u00bb _builder_version=\u00a0\u00bb4.27.0&Prime; _module_preset=\u00a0\u00bbdefault\u00a0\u00bb custom_padding=\u00a0\u00bb100px||6px|||\u00a0\u00bb custom_padding_tablet=\u00a0\u00bb60px||||false|false\u00a0\u00bb custom_padding_phone=\u00a0\u00bb40px||||false|false\u00a0\u00bb collapsed=\u00a0\u00bboff\u00a0\u00bb global_colors_info=\u00a0\u00bb{}\u00a0\u00bb][et_pb_row _builder_version=\u00a0\u00bb4.27.0&Prime; _module_preset=\u00a0\u00bbdefault\u00a0\u00bb custom_padding=\u00a0\u00bb3px|||||\u00a0\u00bb global_colors_info=\u00a0\u00bb{}\u00a0\u00bb][et_pb_column type=\u00a0\u00bb4_4&Prime; _builder_version=\u00a0\u00bb4.27.0&Prime; _module_preset=\u00a0\u00bbdefault\u00a0\u00bb global_colors_info=\u00a0\u00bb{}\u00a0\u00bb][et_pb_heading title=\u00a0\u00bbLe bureau\u00a0\u00bb _builder_version=\u00a0\u00bb4.27.0&Prime; _module_preset=\u00a0\u00bb_initial\u00a0\u00bb title_level=\u00a0\u00bbh2&Prime; title_font=\u00a0\u00bbArial|800|||||||\u00a0\u00bb title_text_align=\u00a0\u00bbleft\u00a0\u00bb title_text_color=\u00a0\u00bb#000000&Prime; title_font_size=\u00a0\u00bb42px\u00a0\u00bb title_line_height=\u00a0\u00bb1.2em\u00a0\u00bb custom_margin=\u00a0\u00bb||0px||false|false\u00a0\u00bb title_font_size_tablet=\u00a0\u00bb32px\u00a0\u00bb title_font_size_phone=\u00a0\u00bb28px\u00a0\u00bb title_font_size_last_edited=\u00a0\u00bbon|tablet\u00a0\u00bb locked=\u00a0\u00bboff\u00a0\u00bb global_colors_info=\u00a0\u00bb{}\u00a0\u00bb][\/et_pb_heading][\/et_pb_column][\/et_pb_row][et_pb_row column_structure=\u00a0\u00bb1_4,1_4,1_4,1_4&Prime; module_id=\u00a0\u00bbequipe\u00a0\u00bb _builder_version=\u00a0\u00bb4.27.0&Prime; _module_preset=\u00a0\u00bbdefault\u00a0\u00bb global_colors_info=\u00a0\u00bb{}\u00a0\u00bb][et_pb_column type=\u00a0\u00bb1_4&Prime; _builder_version=\u00a0\u00bb4.27.0&Prime; _module_preset=\u00a0\u00bbdefault\u00a0\u00bb global_colors_info=\u00a0\u00bb{}\u00a0\u00bb][et_pb_team_member position=\u00a0\u00bbV\u00e9ronique Van de Bor\u00a0\u00bb image_url=\u00a0\u00bbhttps:\/\/www.vss-formation.fr\/wp-content\/uploads\/2024\/09\/veronique-van-de-bor-1.jpg\u00a0\u00bb _builder_version=\u00a0\u00bb4.27.2&Prime; _module_preset=\u00a0\u00bbdefault\u00a0\u00bb header_text_align=\u00a0\u00bbcenter\u00a0\u00bb header_font_size=\u00a0\u00bb16px\u00a0\u00bb header_line_height=\u00a0\u00bb1.2em\u00a0\u00bb body_text_align=\u00a0\u00bbcenter\u00a0\u00bb body_text_color=\u00a0\u00bb#666666&Prime; body_font_size=\u00a0\u00bb13px\u00a0\u00bb body_line_height=\u00a0\u00bb1.4em\u00a0\u00bb position_text_color=\u00a0\u00bb#000000&Prime; position_font_size=\u00a0\u00bb15px\u00a0\u00bb position_line_height=\u00a0\u00bb1.6em\u00a0\u00bb border_radii_image=\u00a0\u00bbon|400px|400px|400px|400px\u00a0\u00bb global_colors_info=\u00a0\u00bb{}\u00a0\u00bb]<\/p>\n<p><span style=\"font-weight: 400;\">Pr\u00e9sidente de la CPED<\/span><\/p>\n<p>[\/et_pb_team_member][\/et_pb_column][et_pb_column type=\u00a0\u00bb1_4&Prime; _builder_version=\u00a0\u00bb4.27.0&Prime; _module_preset=\u00a0\u00bbdefault\u00a0\u00bb global_colors_info=\u00a0\u00bb{}\u00a0\u00bb][et_pb_team_member position=\u00a0\u00bbGenevi\u00e8ve Pezeu\u00a0\u00bb image_url=\u00a0\u00bbhttps:\/\/www.vss-formation.fr\/wp-content\/uploads\/2024\/09\/genevieve.jpg\u00a0\u00bb _builder_version=\u00a0\u00bb4.27.2&Prime; _module_preset=\u00a0\u00bbdefault\u00a0\u00bb header_text_align=\u00a0\u00bbcenter\u00a0\u00bb header_font_size=\u00a0\u00bb16px\u00a0\u00bb header_line_height=\u00a0\u00bb1.2em\u00a0\u00bb body_text_align=\u00a0\u00bbcenter\u00a0\u00bb body_text_color=\u00a0\u00bb#666666&Prime; body_font_size=\u00a0\u00bb13px\u00a0\u00bb body_line_height=\u00a0\u00bb1.4em\u00a0\u00bb position_text_color=\u00a0\u00bb#000000&Prime; position_font_size=\u00a0\u00bb15px\u00a0\u00bb position_line_height=\u00a0\u00bb1.6em\u00a0\u00bb border_radii_image=\u00a0\u00bbon|400px|400px|400px|400px\u00a0\u00bb global_colors_info=\u00a0\u00bb{}\u00a0\u00bb]<\/p>\n<p>Pr\u00e9sidente de l\u2019ANEF<\/p>\n<p>[\/et_pb_team_member][\/et_pb_column][et_pb_column type=\u00a0\u00bb1_4&Prime; _builder_version=\u00a0\u00bb4.27.0&Prime; _module_preset=\u00a0\u00bbdefault\u00a0\u00bb global_colors_info=\u00a0\u00bb{}\u00a0\u00bb][et_pb_team_member position=\u00a0\u00bbSarah Boratav\u00a0\u00bb image_url=\u00a0\u00bbhttps:\/\/www.vss-formation.fr\/wp-content\/uploads\/2024\/09\/sarah-boratav.jpg\u00a0\u00bb _builder_version=\u00a0\u00bb4.27.2&Prime; _module_preset=\u00a0\u00bbdefault\u00a0\u00bb header_text_align=\u00a0\u00bbcenter\u00a0\u00bb header_font_size=\u00a0\u00bb16px\u00a0\u00bb header_line_height=\u00a0\u00bb1.2em\u00a0\u00bb body_text_align=\u00a0\u00bbcenter\u00a0\u00bb body_text_color=\u00a0\u00bb#666666&Prime; body_font_size=\u00a0\u00bb13px\u00a0\u00bb body_line_height=\u00a0\u00bb1.4em\u00a0\u00bb position_text_color=\u00a0\u00bb#000000&Prime; position_font_size=\u00a0\u00bb15px\u00a0\u00bb position_line_height=\u00a0\u00bb1.6em\u00a0\u00bb border_radii_image=\u00a0\u00bbon|400px|400px|400px|400px\u00a0\u00bb global_colors_info=\u00a0\u00bb{}\u00a0\u00bb]<\/p>\n<p>Membre de la CPED<\/p>\n<p>[\/et_pb_team_member][\/et_pb_column][et_pb_column type=\u00a0\u00bb1_4&Prime; _builder_version=\u00a0\u00bb4.27.0&Prime; _module_preset=\u00a0\u00bbdefault\u00a0\u00bb global_colors_info=\u00a0\u00bb{}\u00a0\u00bb][et_pb_team_member position=\u00a0\u00bbMa\u00eflys Derenemesnil\u00a0\u00bb image_url=\u00a0\u00bbhttps:\/\/www.vss-formation.fr\/wp-content\/uploads\/2024\/09\/maillys.jpg\u00a0\u00bb _builder_version=\u00a0\u00bb4.27.0&Prime; _module_preset=\u00a0\u00bbdefault\u00a0\u00bb header_text_align=\u00a0\u00bbcenter\u00a0\u00bb header_font_size=\u00a0\u00bb16px\u00a0\u00bb header_line_height=\u00a0\u00bb1.2em\u00a0\u00bb body_text_align=\u00a0\u00bbcenter\u00a0\u00bb body_text_color=\u00a0\u00bb#666666&Prime; body_font_size=\u00a0\u00bb13px\u00a0\u00bb body_line_height=\u00a0\u00bb1.4em\u00a0\u00bb position_text_color=\u00a0\u00bb#000000&Prime; position_font_size=\u00a0\u00bb15px\u00a0\u00bb position_line_height=\u00a0\u00bb1.6em\u00a0\u00bb border_radii_image=\u00a0\u00bbon|400px|400px|400px|400px\u00a0\u00bb global_colors_info=\u00a0\u00bb{}\u00a0\u00bb]<\/p>\n<p><span style=\"font-weight: 400;\">Membre de l\u2019ANEF<\/span><\/p>\n<p>[\/et_pb_team_member][\/et_pb_column][\/et_pb_row][et_pb_row column_structure=\u00a0\u00bb1_4,1_4,1_4,1_4&Prime; _builder_version=\u00a0\u00bb4.27.0&Prime; _module_preset=\u00a0\u00bbdefault\u00a0\u00bb global_colors_info=\u00a0\u00bb{}\u00a0\u00bb][et_pb_column type=\u00a0\u00bb1_4&Prime; _builder_version=\u00a0\u00bb4.27.0&Prime; _module_preset=\u00a0\u00bbdefault\u00a0\u00bb global_colors_info=\u00a0\u00bb{}\u00a0\u00bb][et_pb_team_member position=\u00a0\u00bbClaire Berthonneau\u00a0\u00bb image_url=\u00a0\u00bbhttps:\/\/www.vss-formation.fr\/wp-content\/uploads\/2024\/09\/claire-berthoneau.jpg\u00a0\u00bb _builder_version=\u00a0\u00bb4.27.4&Prime; _module_preset=\u00a0\u00bbdefault\u00a0\u00bb header_text_align=\u00a0\u00bbcenter\u00a0\u00bb header_font_size=\u00a0\u00bb16px\u00a0\u00bb header_line_height=\u00a0\u00bb1.2em\u00a0\u00bb body_text_align=\u00a0\u00bbcenter\u00a0\u00bb body_text_color=\u00a0\u00bb#666666&Prime; body_font_size=\u00a0\u00bb13px\u00a0\u00bb body_line_height=\u00a0\u00bb1.4em\u00a0\u00bb position_text_color=\u00a0\u00bb#000000&Prime; position_font_size=\u00a0\u00bb15px\u00a0\u00bb position_line_height=\u00a0\u00bb1.6em\u00a0\u00bb border_radii_image=\u00a0\u00bbon|400px|400px|400px|400px\u00a0\u00bb global_colors_info=\u00a0\u00bb{}\u00a0\u00bb]<\/p>\n<p><span style=\"font-weight: 400;\">Membre de la CPED\u00a0<\/span><\/p>\n<p>[\/et_pb_team_member][\/et_pb_column][et_pb_column type=\u00a0\u00bb1_4&Prime; _builder_version=\u00a0\u00bb4.27.0&Prime; _module_preset=\u00a0\u00bbdefault\u00a0\u00bb global_colors_info=\u00a0\u00bb{}\u00a0\u00bb][et_pb_team_member position=\u00a0\u00bbJustine Azoze\u00a0\u00bb image_url=\u00a0\u00bbhttps:\/\/www.vss-formation.fr\/wp-content\/uploads\/2024\/10\/justine.jpg\u00a0\u00bb _builder_version=\u00a0\u00bb4.27.2&Prime; _module_preset=\u00a0\u00bbdefault\u00a0\u00bb header_text_align=\u00a0\u00bbcenter\u00a0\u00bb header_font_size=\u00a0\u00bb16px\u00a0\u00bb header_line_height=\u00a0\u00bb1.2em\u00a0\u00bb body_text_align=\u00a0\u00bbcenter\u00a0\u00bb body_text_color=\u00a0\u00bb#666666&Prime; body_font_size=\u00a0\u00bb13px\u00a0\u00bb body_line_height=\u00a0\u00bb1.4em\u00a0\u00bb position_text_color=\u00a0\u00bb#000000&Prime; position_font_size=\u00a0\u00bb15px\u00a0\u00bb position_line_height=\u00a0\u00bb1.6em\u00a0\u00bb border_radii_image=\u00a0\u00bbon|400px|400px|400px|400px\u00a0\u00bb global_colors_info=\u00a0\u00bb{}\u00a0\u00bb]<\/p>\n<p><span style=\"font-weight: 400;\">Charg\u00e9e de projets depuis 2022<\/span><\/p>\n<p>[\/et_pb_team_member][\/et_pb_column][et_pb_column type=\u00a0\u00bb1_4&Prime; _builder_version=\u00a0\u00bb4.27.0&Prime; _module_preset=\u00a0\u00bbdefault\u00a0\u00bb global_colors_info=\u00a0\u00bb{}\u00a0\u00bb][\/et_pb_column][et_pb_column type=\u00a0\u00bb1_4&Prime; _builder_version=\u00a0\u00bb4.27.0&Prime; _module_preset=\u00a0\u00bbdefault\u00a0\u00bb global_colors_info=\u00a0\u00bb{}\u00a0\u00bb][\/et_pb_column][\/et_pb_row][\/et_pb_section][et_pb_section fb_built=\u00a0\u00bb1&Prime; custom_padding_last_edited=\u00a0\u00bbon|phone\u00a0\u00bb admin_label=\u00a0\u00bbAbout\u00a0\u00bb module_id=\u00a0\u00bbequipe\u00a0\u00bb _builder_version=\u00a0\u00bb4.27.0&Prime; _module_preset=\u00a0\u00bbdefault\u00a0\u00bb background_enable_color=\u00a0\u00bboff\u00a0\u00bb custom_padding=\u00a0\u00bb5px||100px|||\u00a0\u00bb custom_padding_tablet=\u00a0\u00bb||60px||false|false\u00a0\u00bb custom_padding_phone=\u00a0\u00bb||40px||false|false\u00a0\u00bb collapsed=\u00a0\u00bboff\u00a0\u00bb global_colors_info=\u00a0\u00bb{}\u00a0\u00bb][et_pb_row _builder_version=\u00a0\u00bb4.27.0&Prime; _module_preset=\u00a0\u00bbdefault\u00a0\u00bb global_colors_info=\u00a0\u00bb{}\u00a0\u00bb][et_pb_column type=\u00a0\u00bb4_4&Prime; _builder_version=\u00a0\u00bb4.27.0&Prime; _module_preset=\u00a0\u00bbdefault\u00a0\u00bb global_colors_info=\u00a0\u00bb{}\u00a0\u00bb][et_pb_heading title=\u00a0\u00bbLe r\u00e9seau de formateur.ices\u00a0\u00bb _builder_version=\u00a0\u00bb4.27.0&Prime; _module_preset=\u00a0\u00bb_initial\u00a0\u00bb title_level=\u00a0\u00bbh2&Prime; title_font=\u00a0\u00bbArial|800|||||||\u00a0\u00bb title_text_align=\u00a0\u00bbleft\u00a0\u00bb title_text_color=\u00a0\u00bb#000000&Prime; title_font_size=\u00a0\u00bb42px\u00a0\u00bb title_line_height=\u00a0\u00bb1.2em\u00a0\u00bb custom_margin=\u00a0\u00bb||0px||false|false\u00a0\u00bb title_font_size_tablet=\u00a0\u00bb32px\u00a0\u00bb title_font_size_phone=\u00a0\u00bb20px\u00a0\u00bb title_font_size_last_edited=\u00a0\u00bbon|phone\u00a0\u00bb locked=\u00a0\u00bboff\u00a0\u00bb global_colors_info=\u00a0\u00bb{}\u00a0\u00bb][\/et_pb_heading][et_pb_text _builder_version=\u00a0\u00bb4.27.0&Prime; _module_preset=\u00a0\u00bbdefault\u00a0\u00bb text_font=\u00a0\u00bbRoboto|300|||||||\u00a0\u00bb text_font_size=\u00a0\u00bb30px\u00a0\u00bb custom_margin=\u00a0\u00bb25px||||false|false\u00a0\u00bb text_font_size_tablet=\u00a0\u00bb28px\u00a0\u00bb text_font_size_phone=\u00a0\u00bb28px\u00a0\u00bb text_font_size_last_edited=\u00a0\u00bbon|tablet\u00a0\u00bb global_colors_info=\u00a0\u00bb{}\u00a0\u00bb]<\/p>\n<p>ANEF<\/p>\n<p>[\/et_pb_text][\/et_pb_column][\/et_pb_row][et_pb_row column_structure=\u00a0\u00bb1_3,1_3,1_3&Prime; make_equal=\u00a0\u00bbon\u00a0\u00bb _builder_version=\u00a0\u00bb4.27.0&Prime; _module_preset=\u00a0\u00bbdefault\u00a0\u00bb background_enable_color=\u00a0\u00bboff\u00a0\u00bb custom_padding=\u00a0\u00bb||||true|true\u00a0\u00bb global_colors_info=\u00a0\u00bb{}\u00a0\u00bb][et_pb_column type=\u00a0\u00bb1_3&Prime; _builder_version=\u00a0\u00bb4.27.0&Prime; _module_preset=\u00a0\u00bbdefault\u00a0\u00bb global_colors_info=\u00a0\u00bb{}\u00a0\u00bb][et_pb_team_member image_url=\u00a0\u00bbhttps:\/\/www.vss-formation.fr\/wp-content\/uploads\/2024\/09\/maillys.jpg\u00a0\u00bb _builder_version=\u00a0\u00bb4.27.0&Prime; _module_preset=\u00a0\u00bbdefault\u00a0\u00bb header_text_align=\u00a0\u00bbcenter\u00a0\u00bb header_font_size=\u00a0\u00bb16px\u00a0\u00bb header_line_height=\u00a0\u00bb1.2em\u00a0\u00bb body_font=\u00a0\u00bbRoboto|300|||||||\u00a0\u00bb body_text_align=\u00a0\u00bbjustify\u00a0\u00bb body_text_color=\u00a0\u00bb#000000&Prime; body_font_size=\u00a0\u00bb15px\u00a0\u00bb body_line_height=\u00a0\u00bb1.5em\u00a0\u00bb position_text_color=\u00a0\u00bb#000000&Prime; position_font_size=\u00a0\u00bb15px\u00a0\u00bb position_line_height=\u00a0\u00bb1.6em\u00a0\u00bb background_color=\u00a0\u00bbrgba(255,107,86,0.04)\u00a0\u00bb custom_padding=\u00a0\u00bb40px|40px|40px|40px|true|true\u00a0\u00bb border_radii=\u00a0\u00bbon|20px|20px|20px|20px\u00a0\u00bb border_radii_image=\u00a0\u00bbon|400px|400px|400px|400px\u00a0\u00bb global_colors_info=\u00a0\u00bb{}\u00a0\u00bb]<\/p>\n<p class=\"p1\">Ma\u00eflys DERENEMESNIL,<span class=\"s1\"> <\/span>juriste,<span class=\"s1\"> <\/span>membre de la CPED,<span class=\"s1\"> ancienne <\/span>professeure de lettres modernes, elle a \u00e9t\u00e9 <span class=\"s2\">charg\u00e9e de mission <\/span>\u00c9galit\u00e9 femmes-hommes et non-discrimination <span class=\"s1\">\u00e0 l\u2019Universit\u00e9 <\/span>Paris Nanterre. \u00c0 ce titre, elle a cr\u00e9\u00e9 et anim\u00e9<span class=\"s2\"> la cellule contre <\/span><span class=\"s2\">les VSS.<\/span> Elle travaille \u00e0 l\u2019\u00e9cole doctorale de droit de Sciences <span class=\"s1\">Po sur<\/span> \u00abLa parole des femmes victimes de violences sexuelles dans la justice p\u00e9nale fran\u00e7aise\u00bb.<\/p>\n<p>[\/et_pb_team_member][et_pb_team_member image_url=\u00a0\u00bbhttps:\/\/www.vss-formation.fr\/wp-content\/uploads\/2024\/09\/helene-marquier.jpg\u00a0\u00bb _builder_version=\u00a0\u00bb4.27.0&Prime; _module_preset=\u00a0\u00bbdefault\u00a0\u00bb header_text_align=\u00a0\u00bbcenter\u00a0\u00bb header_font_size=\u00a0\u00bb16px\u00a0\u00bb header_line_height=\u00a0\u00bb1.2em\u00a0\u00bb body_font=\u00a0\u00bbRoboto|300|||||||\u00a0\u00bb body_text_align=\u00a0\u00bbjustify\u00a0\u00bb body_text_color=\u00a0\u00bb#000000&Prime; body_font_size=\u00a0\u00bb15px\u00a0\u00bb body_line_height=\u00a0\u00bb1.5em\u00a0\u00bb position_text_color=\u00a0\u00bb#000000&Prime; position_font_size=\u00a0\u00bb15px\u00a0\u00bb position_line_height=\u00a0\u00bb1.6em\u00a0\u00bb background_color=\u00a0\u00bbrgba(255,107,86,0.04)\u00a0\u00bb custom_padding=\u00a0\u00bb40px|40px|40px|40px|true|true\u00a0\u00bb border_radii=\u00a0\u00bbon|20px|20px|20px|20px\u00a0\u00bb border_radii_image=\u00a0\u00bbon|400px|400px|400px|400px\u00a0\u00bb global_colors_info=\u00a0\u00bb{}\u00a0\u00bb]<\/p>\n<p class=\"p1\">H\u00e9l\u00e8ne MARQUI\u00c9, professeure des universit\u00e9s en \u00e9tudes de genre et arts et ancienne charg\u00e9e de mission \u00c9galit\u00e9 de<br \/>l\u2019Universit\u00e9 Paris 8. Ancienne membre de la CPED. A publi\u00e9 l\u2019ouvrage <em>Non, la danse n\u2019est pas un truc de filles \u2013 Essai sur le genre en danse<\/em>, Toulouse, l\u2019Attribut, 2016.<\/p>\n<p>[\/et_pb_team_member][\/et_pb_column][et_pb_column type=\u00a0\u00bb1_3&Prime; _builder_version=\u00a0\u00bb4.27.0&Prime; _module_preset=\u00a0\u00bbdefault\u00a0\u00bb global_colors_info=\u00a0\u00bb{}\u00a0\u00bb][et_pb_team_member image_url=\u00a0\u00bbhttps:\/\/www.vss-formation.fr\/wp-content\/uploads\/2024\/09\/genevieve.jpg\u00a0\u00bb _builder_version=\u00a0\u00bb4.27.0&Prime; _module_preset=\u00a0\u00bbdefault\u00a0\u00bb header_text_align=\u00a0\u00bbcenter\u00a0\u00bb header_font_size=\u00a0\u00bb16px\u00a0\u00bb header_line_height=\u00a0\u00bb1.2em\u00a0\u00bb body_font=\u00a0\u00bbRoboto|300|||||||\u00a0\u00bb body_text_align=\u00a0\u00bbjustify\u00a0\u00bb body_text_color=\u00a0\u00bb#000000&Prime; body_font_size=\u00a0\u00bb15px\u00a0\u00bb body_line_height=\u00a0\u00bb1.5em\u00a0\u00bb position_text_color=\u00a0\u00bb#000000&Prime; position_font_size=\u00a0\u00bb15px\u00a0\u00bb position_line_height=\u00a0\u00bb1.6em\u00a0\u00bb background_color=\u00a0\u00bbrgba(255,107,86,0.04)\u00a0\u00bb custom_padding=\u00a0\u00bb40px|40px|40px|40px|true|true\u00a0\u00bb border_radii=\u00a0\u00bbon|20px|20px|20px|20px\u00a0\u00bb border_radii_image=\u00a0\u00bbon|400px|400px|400px|400px\u00a0\u00bb global_colors_info=\u00a0\u00bb{}\u00a0\u00bb]<\/p>\n<p class=\"p1\">Genevi\u00e8ve PEZEU, pr\u00e9sidente de l\u2019ANEF. Agr\u00e9g\u00e9e d\u2019histoire et g\u00e9ographie. Docteure en sciences de l\u2019\u00e9ducation. Ing\u00e9nierie de formation Mixit\u00e9 \u00c9galit\u00e9 femmes-hommes, citoyennet\u00e9 et la\u00efcit\u00e9. Coordinatrice de recherche, facilitatrice en cod\u00e9veloppement. Elle a coordonn\u00e9e pour l&rsquo;Anef, la r\u00e9daction de Le genre dans l&rsquo;enseignement sup\u00e9rieur et la recherche: le<br \/>livre blanc, Paris, La D\u00e9couverte, 2014.<\/p>\n<p>[\/et_pb_team_member][\/et_pb_column][et_pb_column type=\u00a0\u00bb1_3&Prime; _builder_version=\u00a0\u00bb4.27.0&Prime; _module_preset=\u00a0\u00bbdefault\u00a0\u00bb global_colors_info=\u00a0\u00bb{}\u00a0\u00bb][et_pb_team_member image_url=\u00a0\u00bbhttps:\/\/www.vss-formation.fr\/wp-content\/uploads\/2024\/09\/catherine-le-maguerisse.jpg\u00a0\u00bb _builder_version=\u00a0\u00bb4.27.0&Prime; _module_preset=\u00a0\u00bbdefault\u00a0\u00bb header_text_align=\u00a0\u00bbcenter\u00a0\u00bb header_font_size=\u00a0\u00bb16px\u00a0\u00bb header_line_height=\u00a0\u00bb1.2em\u00a0\u00bb body_font=\u00a0\u00bbRoboto|300|||||||\u00a0\u00bb body_text_align=\u00a0\u00bbjustify\u00a0\u00bb body_text_color=\u00a0\u00bb#000000&Prime; body_font_size=\u00a0\u00bb15px\u00a0\u00bb body_line_height=\u00a0\u00bb1.5em\u00a0\u00bb position_text_color=\u00a0\u00bb#000000&Prime; position_font_size=\u00a0\u00bb15px\u00a0\u00bb position_line_height=\u00a0\u00bb1.6em\u00a0\u00bb background_color=\u00a0\u00bbrgba(255,107,86,0.04)\u00a0\u00bb custom_padding=\u00a0\u00bb40px|40px|40px|40px|true|true\u00a0\u00bb border_radii=\u00a0\u00bbon|20px|20px|20px|20px\u00a0\u00bb border_radii_image=\u00a0\u00bbon|400px|400px|400px|400px\u00a0\u00bb global_colors_info=\u00a0\u00bb{}\u00a0\u00bb]<\/p>\n<p class=\"p1\">Catherine LE MAGUERESSE, juriste, <span class=\"s1\">doctoresse en droit, <\/span><span class=\"s1\">chercheuse,<\/span> Ancienne pr\u00e9sidente de l&rsquo;Association europ\u00e9enne contre les violences faites aux femmes au travail (AVFT), travaille sur le sujet des violences sexistes et sexuelles, autrice du livre Les pi\u00e8ges du consentement. Pour une red\u00e9finition p\u00e9nale du consentement sexuel. <span class=\"s1\">\u00c9ditions iXe, <\/span>mars 2021.<\/p>\n<p>[\/et_pb_team_member][\/et_pb_column][\/et_pb_row][et_pb_row _builder_version=\u00a0\u00bb4.27.0&Prime; _module_preset=\u00a0\u00bbdefault\u00a0\u00bb custom_padding=\u00a0\u00bb3px|||||\u00a0\u00bb global_colors_info=\u00a0\u00bb{}\u00a0\u00bb][et_pb_column type=\u00a0\u00bb4_4&Prime; _builder_version=\u00a0\u00bb4.27.0&Prime; _module_preset=\u00a0\u00bbdefault\u00a0\u00bb global_colors_info=\u00a0\u00bb{}\u00a0\u00bb][et_pb_text _builder_version=\u00a0\u00bb4.27.0&Prime; _module_preset=\u00a0\u00bbdefault\u00a0\u00bb text_font=\u00a0\u00bbRoboto|300|||||||\u00a0\u00bb text_font_size=\u00a0\u00bb28px\u00a0\u00bb custom_margin=\u00a0\u00bb25px||||false|false\u00a0\u00bb global_colors_info=\u00a0\u00bb{}\u00a0\u00bb]<\/p>\n<p>CPED<\/p>\n<p>[\/et_pb_text][\/et_pb_column][\/et_pb_row][et_pb_row column_structure=\u00a0\u00bb1_3,1_3,1_3&Prime; make_equal=\u00a0\u00bbon\u00a0\u00bb _builder_version=\u00a0\u00bb4.27.0&Prime; _module_preset=\u00a0\u00bbdefault\u00a0\u00bb background_enable_color=\u00a0\u00bboff\u00a0\u00bb custom_padding=\u00a0\u00bb1px||1px||true|true\u00a0\u00bb global_colors_info=\u00a0\u00bb{}\u00a0\u00bb][et_pb_column type=\u00a0\u00bb1_3&Prime; _builder_version=\u00a0\u00bb4.27.0&Prime; _module_preset=\u00a0\u00bbdefault\u00a0\u00bb global_colors_info=\u00a0\u00bb{}\u00a0\u00bb][et_pb_team_member image_url=\u00a0\u00bbhttps:\/\/www.vss-formation.fr\/wp-content\/uploads\/2024\/09\/riselene.jpg\u00a0\u00bb _builder_version=\u00a0\u00bb4.27.0&Prime; _module_preset=\u00a0\u00bbdefault\u00a0\u00bb header_text_align=\u00a0\u00bbcenter\u00a0\u00bb header_font_size=\u00a0\u00bb16px\u00a0\u00bb header_line_height=\u00a0\u00bb1.2em\u00a0\u00bb body_font=\u00a0\u00bbRoboto|300|||||||\u00a0\u00bb body_text_align=\u00a0\u00bbjustify\u00a0\u00bb body_text_color=\u00a0\u00bb#000000&Prime; body_font_size=\u00a0\u00bb15px\u00a0\u00bb body_line_height=\u00a0\u00bb1.5em\u00a0\u00bb position_text_color=\u00a0\u00bb#000000&Prime; position_font_size=\u00a0\u00bb15px\u00a0\u00bb position_line_height=\u00a0\u00bb1.6em\u00a0\u00bb background_color=\u00a0\u00bbrgba(30,159,152,0.05)\u00a0\u00bb custom_padding=\u00a0\u00bb40px|40px|40px|40px|true|true\u00a0\u00bb border_radii=\u00a0\u00bbon|20px|20px|20px|20px\u00a0\u00bb border_radii_image=\u00a0\u00bbon|400px|400px|400px|400px\u00a0\u00bb global_colors_info=\u00a0\u00bb{}\u00a0\u00bb]<\/p>\n<p class=\"p1\">Rizlaine AFIF, juriste et r\u00e9f\u00e9rente harc\u00e8lement, violences sexistes, discriminatoires et sexuelles \u00e0 l&rsquo;Institut National des Sciences Appliqu\u00e9es de Rennes. <span class=\"s1\">Elle a co-construit et <\/span>participe \u00e0 la cellule d&rsquo;\u00e9coute et de lutte contre le harc\u00e8lement et les violences sexistes, discriminatoires et sexuelles l&rsquo;INSA Rennes.<\/p>\n<p>[\/et_pb_team_member][et_pb_team_member image_url=\u00a0\u00bbhttps:\/\/www.vss-formation.fr\/wp-content\/uploads\/2024\/09\/lucile.jpg\u00a0\u00bb _builder_version=\u00a0\u00bb4.27.0&Prime; _module_preset=\u00a0\u00bbdefault\u00a0\u00bb header_text_align=\u00a0\u00bbcenter\u00a0\u00bb header_font_size=\u00a0\u00bb16px\u00a0\u00bb header_line_height=\u00a0\u00bb1.2em\u00a0\u00bb body_font=\u00a0\u00bbRoboto|300|||||||\u00a0\u00bb body_text_align=\u00a0\u00bbjustify\u00a0\u00bb body_text_color=\u00a0\u00bb#000000&Prime; body_font_size=\u00a0\u00bb15px\u00a0\u00bb body_line_height=\u00a0\u00bb1.5em\u00a0\u00bb position_text_color=\u00a0\u00bb#000000&Prime; position_font_size=\u00a0\u00bb15px\u00a0\u00bb position_line_height=\u00a0\u00bb1.6em\u00a0\u00bb background_color=\u00a0\u00bbrgba(30,159,152,0.05)\u00a0\u00bb custom_padding=\u00a0\u00bb40px|40px|40px|40px|true|true\u00a0\u00bb border_radii=\u00a0\u00bbon|20px|20px|20px|20px\u00a0\u00bb border_radii_image=\u00a0\u00bbon|400px|400px|400px|400px\u00a0\u00bb global_colors_info=\u00a0\u00bb{}\u00a0\u00bb]<\/p>\n<p class=\"p1\">Lucile DEZERALD, Maitresse de Conf\u00e9rence en sciences des mat\u00e9riaux \u00e0 l\u2019Universit\u00e9 de Lorraine et charg\u00e9e de mission \u00e9galit\u00e9 diversit\u00e9 et inclusion \u00e0 l\u2019\u00e9cole des Mines Nancy o\u00f9 elle a cr\u00e9\u00e9 et pilot\u00e9 la cellule de sensibilisation et d\u2019\u00e9coute<span class=\"s1\">. <\/span>Elle forme les membres de la cellule d\u2019\u00e9coute au sein de l\u2019Universit\u00e9 de Lorraine, ainsi que les personnels, \u00e9tudiant.es et BDE.<\/p>\n<p>[\/et_pb_team_member][et_pb_team_member image_url=\u00a0\u00bbhttps:\/\/www.vss-formation.fr\/wp-content\/uploads\/2024\/09\/clare.jpg\u00a0\u00bb _builder_version=\u00a0\u00bb4.27.0&Prime; _module_preset=\u00a0\u00bbdefault\u00a0\u00bb header_text_align=\u00a0\u00bbcenter\u00a0\u00bb header_font_size=\u00a0\u00bb16px\u00a0\u00bb header_line_height=\u00a0\u00bb1.2em\u00a0\u00bb body_font=\u00a0\u00bbRoboto|300|||||||\u00a0\u00bb body_text_align=\u00a0\u00bbjustify\u00a0\u00bb body_text_color=\u00a0\u00bb#000000&Prime; body_font_size=\u00a0\u00bb15px\u00a0\u00bb body_line_height=\u00a0\u00bb1.5em\u00a0\u00bb position_text_color=\u00a0\u00bb#000000&Prime; position_font_size=\u00a0\u00bb15px\u00a0\u00bb position_line_height=\u00a0\u00bb1.6em\u00a0\u00bb background_color=\u00a0\u00bbrgba(30,159,152,0.05)\u00a0\u00bb custom_padding=\u00a0\u00bb40px|40px|40px|40px|true|true\u00a0\u00bb border_radii=\u00a0\u00bbon|20px|20px|20px|20px\u00a0\u00bb border_radii_image=\u00a0\u00bbon|400px|400px|400px|400px\u00a0\u00bb global_colors_info=\u00a0\u00bb{}\u00a0\u00bb]<\/p>\n<p class=\"p1\"><span class=\"s1\">Clare RAMSBOTTOM<\/span>, agr\u00e9g\u00e9e d&rsquo;anglais et ancienne secr\u00e9taire <span class=\"s2\">de la CPED . En tant que <\/span>r\u00e9f\u00e9rente \u00c9galit\u00e9 femme-homme et vice-pr\u00e9sidente \u00ab\u00a0Responsabilit\u00e9 sociale\u00a0\u00bb<span class=\"s2\"> \u00e0 l&rsquo;Universit\u00e9 Le <\/span>Havre Normandie de 2014 \u00e0 2020 elle a co-construit et pilot\u00e9 <span class=\"s2\">la <\/span>cellule d&rsquo;\u00e9coute et de lutte contre les discriminations<span class=\"s2\"> de <\/span>l&rsquo;universit\u00e9.<\/p>\n<p>[\/et_pb_team_member][et_pb_team_member image_url=\u00a0\u00bbhttps:\/\/www.vss-formation.fr\/wp-content\/uploads\/2024\/09\/jeanne.jpg\u00a0\u00bb _builder_version=\u00a0\u00bb4.27.0&Prime; _module_preset=\u00a0\u00bbdefault\u00a0\u00bb header_text_align=\u00a0\u00bbcenter\u00a0\u00bb header_font_size=\u00a0\u00bb16px\u00a0\u00bb header_line_height=\u00a0\u00bb1.2em\u00a0\u00bb body_font=\u00a0\u00bbRoboto|300|||||||\u00a0\u00bb body_text_align=\u00a0\u00bbjustify\u00a0\u00bb body_text_color=\u00a0\u00bb#000000&Prime; body_font_size=\u00a0\u00bb15px\u00a0\u00bb body_line_height=\u00a0\u00bb1.5em\u00a0\u00bb position_text_color=\u00a0\u00bb#000000&Prime; position_font_size=\u00a0\u00bb15px\u00a0\u00bb position_line_height=\u00a0\u00bb1.6em\u00a0\u00bb background_color=\u00a0\u00bbrgba(30,159,152,0.05)\u00a0\u00bb custom_padding=\u00a0\u00bb40px|40px|40px|40px|true|true\u00a0\u00bb border_radii=\u00a0\u00bbon|20px|20px|20px|20px\u00a0\u00bb border_radii_image=\u00a0\u00bbon|400px|400px|400px|400px\u00a0\u00bb global_colors_info=\u00a0\u00bb{}\u00a0\u00bb]<\/p>\n<p class=\"p1\">Jeanne TOULOUSE, r\u00e9f\u00e9rente \u00e9galit\u00e9 femme-homme et lutte contre le harc\u00e8lement, les discriminations et les violences<span class=\"s1\"> et <\/span>professeure d\u2019anglais \u00e0 l\u2019ENSTA Bretagne<span class=\"s2\">, elle a particip\u00e9 \u00e0 <\/span>consolider le dispositif d\u2019\u00e9coute, anim\u00e9 le r\u00e9seau lutte contre les discriminations et con\u00e7u et anim\u00e9 des s\u00e9ances de sensibilisation aux situations de harc\u00e8lement, discrimination <span class=\"s2\">et violence <\/span>(auto-d\u00e9fense verbale, th\u00e9\u00e2tre forum, ateliers).<\/p>\n<p>[\/et_pb_team_member][\/et_pb_column][et_pb_column type=\u00a0\u00bb1_3&Prime; _builder_version=\u00a0\u00bb4.27.0&Prime; _module_preset=\u00a0\u00bbdefault\u00a0\u00bb global_colors_info=\u00a0\u00bb{}\u00a0\u00bb][et_pb_team_member image_url=\u00a0\u00bbhttps:\/\/www.vss-formation.fr\/wp-content\/uploads\/2024\/09\/claire-berthoneau.jpg\u00a0\u00bb _builder_version=\u00a0\u00bb4.27.0&Prime; _module_preset=\u00a0\u00bbdefault\u00a0\u00bb header_text_align=\u00a0\u00bbcenter\u00a0\u00bb header_font_size=\u00a0\u00bb16px\u00a0\u00bb header_line_height=\u00a0\u00bb1.2em\u00a0\u00bb body_font=\u00a0\u00bbRoboto|300|||||||\u00a0\u00bb body_text_align=\u00a0\u00bbjustify\u00a0\u00bb body_text_color=\u00a0\u00bb#000000&Prime; body_font_size=\u00a0\u00bb15px\u00a0\u00bb body_line_height=\u00a0\u00bb1.5em\u00a0\u00bb position_text_color=\u00a0\u00bb#000000&Prime; position_font_size=\u00a0\u00bb15px\u00a0\u00bb position_line_height=\u00a0\u00bb1.6em\u00a0\u00bb background_color=\u00a0\u00bbrgba(30,159,152,0.05)\u00a0\u00bb custom_padding=\u00a0\u00bb40px|40px|40px|40px|true|true\u00a0\u00bb border_radii=\u00a0\u00bbon|20px|20px|20px|20px\u00a0\u00bb border_radii_image=\u00a0\u00bbon|400px|400px|400px|400px\u00a0\u00bb global_colors_info=\u00a0\u00bb{}\u00a0\u00bb]<\/p>\n<p class=\"p1\">Claire BERTHONNEAU, charg\u00e9e de mission \u00c9galit\u00e9 femmes-hommes et lutte contre les discriminations, <span class=\"s1\">animatrice et <\/span><span class=\"s1\">coordinatrice du <\/span>dispositif de lutte contre les VSS et les discriminations, r\u00e9f\u00e9rente racisme et antis\u00e9mitisme <span class=\"s1\">\u00e0 <\/span>l\u2019Universit\u00e9 Clermont Auvergne. Professeure de <span class=\"s2\">FLE<\/span> et de <span class=\"s2\">lettres modernes.<\/span> Elle est \u00e0 l\u2019origine d\u2019un programme d\u2019int\u00e9gration des \u00e9tudiants r\u00e9fugi\u00e9s \u00e0 l\u2019universit\u00e9 et de lutte contre les discriminations li\u00e9es \u00e0 l\u2018origine.<\/p>\n<p>[\/et_pb_team_member][et_pb_team_member image_url=\u00a0\u00bbhttps:\/\/www.vss-formation.fr\/wp-content\/uploads\/2024\/09\/philippe.jpg\u00a0\u00bb _builder_version=\u00a0\u00bb4.27.0&Prime; _module_preset=\u00a0\u00bbdefault\u00a0\u00bb header_text_align=\u00a0\u00bbcenter\u00a0\u00bb header_font_size=\u00a0\u00bb16px\u00a0\u00bb header_line_height=\u00a0\u00bb1.2em\u00a0\u00bb body_font=\u00a0\u00bbRoboto|300|||||||\u00a0\u00bb body_text_align=\u00a0\u00bbjustify\u00a0\u00bb body_text_color=\u00a0\u00bb#000000&Prime; body_font_size=\u00a0\u00bb15px\u00a0\u00bb body_line_height=\u00a0\u00bb1.5em\u00a0\u00bb position_text_color=\u00a0\u00bb#000000&Prime; position_font_size=\u00a0\u00bb15px\u00a0\u00bb position_line_height=\u00a0\u00bb1.6em\u00a0\u00bb background_color=\u00a0\u00bbrgba(30,159,152,0.05)\u00a0\u00bb custom_padding=\u00a0\u00bb40px|40px|40px|40px|true|true\u00a0\u00bb border_radii=\u00a0\u00bbon|20px|20px|20px|20px\u00a0\u00bb border_radii_image=\u00a0\u00bbon|400px|400px|400px|400px\u00a0\u00bb global_colors_info=\u00a0\u00bb{}\u00a0\u00bb]<\/p>\n<p class=\"p1\">Philippe LIOTARD, sociologue,<span class=\"s1\"> Ma\u00eetre de conf\u00e9rences en <\/span>STAPS \u00e0 l&rsquo;Universit\u00e9 Claude Bernard Lyon 1. Il travaille sur les <span class=\"s2\">VSS dans le sport<\/span> depuis la fin des ann\u00e9es 1990<span class=\"s2\">. Membre <\/span>d\u2019honneur et ancien Pr\u00e9sident de la CPED, charg\u00e9 de mission \u00c9galit\u00e9-Diversit\u00e9 et r\u00e9f\u00e9rent Racisme et antis\u00e9mitisme <span class=\"s1\">de <\/span>l\u2019Universit\u00e9 de Lyon 1 de 2008 \u00e0 2024.<\/p>\n<p>[\/et_pb_team_member][et_pb_team_member image_url=\u00a0\u00bbhttps:\/\/www.vss-formation.fr\/wp-content\/uploads\/2025\/10\/Capture-decran-2025-10-01-a-10.44.03.png\u00a0\u00bb _builder_version=\u00a0\u00bb4.27.4&Prime; _module_preset=\u00a0\u00bbdefault\u00a0\u00bb header_text_align=\u00a0\u00bbcenter\u00a0\u00bb header_font_size=\u00a0\u00bb16px\u00a0\u00bb header_line_height=\u00a0\u00bb1.2em\u00a0\u00bb body_font=\u00a0\u00bbRoboto|300|||||||\u00a0\u00bb body_text_align=\u00a0\u00bbjustify\u00a0\u00bb body_text_color=\u00a0\u00bb#000000&Prime; body_font_size=\u00a0\u00bb15px\u00a0\u00bb body_line_height=\u00a0\u00bb1.5em\u00a0\u00bb position_text_color=\u00a0\u00bb#000000&Prime; position_font_size=\u00a0\u00bb15px\u00a0\u00bb position_line_height=\u00a0\u00bb1.6em\u00a0\u00bb background_color=\u00a0\u00bbrgba(30,159,152,0.05)\u00a0\u00bb custom_padding=\u00a0\u00bb40px|40px|40px|40px|true|true\u00a0\u00bb border_radii=\u00a0\u00bbon|20px|20px|20px|20px\u00a0\u00bb border_radii_image=\u00a0\u00bbon|400px|400px|400px|400px\u00a0\u00bb global_colors_info=\u00a0\u00bb{}\u00a0\u00bb]<\/p>\n<p class=\"p1\">St\u00e9pahnie Tabois, enseignante-chercheuse en sociologie. Sp\u00e9cialiste du genre, du corps et de la sexualit\u00e9, elle travaille sur le polyamour et co-organise le festival Les Menstrueuses.<\/p>\n<p>Depuis 2021, elle est r\u00e9f\u00e9rente Egalit\u00e9-Diversit\u00e9 \u00e0 l&rsquo;UFR STAPS de l&rsquo;Universit\u00e9 de Poitiers<\/p>\n<p>[\/et_pb_team_member][et_pb_team_member image_url=\u00a0\u00bbhttps:\/\/www.vss-formation.fr\/wp-content\/uploads\/2024\/09\/veronique-van-de-bor-1.jpg\u00a0\u00bb _builder_version=\u00a0\u00bb4.27.0&Prime; _module_preset=\u00a0\u00bbdefault\u00a0\u00bb header_text_align=\u00a0\u00bbcenter\u00a0\u00bb header_font_size=\u00a0\u00bb16px\u00a0\u00bb header_line_height=\u00a0\u00bb1.2em\u00a0\u00bb body_font=\u00a0\u00bbRoboto|300|||||||\u00a0\u00bb body_text_align=\u00a0\u00bbjustify\u00a0\u00bb body_text_color=\u00a0\u00bb#000000&Prime; body_font_size=\u00a0\u00bb15px\u00a0\u00bb body_line_height=\u00a0\u00bb1.5em\u00a0\u00bb position_text_color=\u00a0\u00bb#000000&Prime; position_font_size=\u00a0\u00bb15px\u00a0\u00bb position_line_height=\u00a0\u00bb1.6em\u00a0\u00bb background_color=\u00a0\u00bbrgba(30,159,152,0.05)\u00a0\u00bb custom_padding=\u00a0\u00bb40px|40px|40px|40px|true|true\u00a0\u00bb border_radii=\u00a0\u00bbon|20px|20px|20px|20px\u00a0\u00bb border_radii_image=\u00a0\u00bbon|400px|400px|400px|400px\u00a0\u00bb global_colors_info=\u00a0\u00bb{}\u00a0\u00bb]<\/p>\n<p class=\"p1\">V\u00e9ronique VAN DE BOR, Pr\u00e9sidente de la CPED<span class=\"s1\">. <\/span>Vice- Pr\u00e9sidente Politique Sociale, \u00c9galit\u00e9, Diversit\u00e9<span class=\"s1\"> de l\u2019Universit\u00e9 <\/span><span class=\"s1\">C\u00f4te d\u2019Azur et <\/span>fondatrice de r\u00e9seau \u00c9galit\u00e9 Universit\u00e9 C\u00f4te <span class=\"s2\">d\u2019Azur<\/span>. PhD, CNRS, chercheuse en biologie du d\u00e9veloppement et g\u00e9n\u00e9tique.<\/p>\n<p>[\/et_pb_team_member][\/et_pb_column][et_pb_column type=\u00a0\u00bb1_3&Prime; _builder_version=\u00a0\u00bb4.27.0&Prime; _module_preset=\u00a0\u00bbdefault\u00a0\u00bb global_colors_info=\u00a0\u00bb{}\u00a0\u00bb][et_pb_team_member image_url=\u00a0\u00bbhttps:\/\/www.vss-formation.fr\/wp-content\/uploads\/2024\/09\/sarah-boratav.jpg\u00a0\u00bb _builder_version=\u00a0\u00bb4.27.0&Prime; _module_preset=\u00a0\u00bbdefault\u00a0\u00bb header_text_align=\u00a0\u00bbcenter\u00a0\u00bb header_font_size=\u00a0\u00bb16px\u00a0\u00bb header_line_height=\u00a0\u00bb1.2em\u00a0\u00bb body_font=\u00a0\u00bbRoboto|300|||||||\u00a0\u00bb body_text_align=\u00a0\u00bbjustify\u00a0\u00bb body_text_color=\u00a0\u00bb#000000&Prime; body_font_size=\u00a0\u00bb15px\u00a0\u00bb body_line_height=\u00a0\u00bb1.5em\u00a0\u00bb position_text_color=\u00a0\u00bb#000000&Prime; position_font_size=\u00a0\u00bb15px\u00a0\u00bb position_line_height=\u00a0\u00bb1.6em\u00a0\u00bb background_color=\u00a0\u00bbrgba(30,159,152,0.05)\u00a0\u00bb custom_padding=\u00a0\u00bb40px|40px|40px|40px|true|true\u00a0\u00bb border_radii=\u00a0\u00bbon|20px|20px|20px|20px\u00a0\u00bb border_radii_image=\u00a0\u00bbon|400px|400px|400px|400px\u00a0\u00bb global_colors_info=\u00a0\u00bb{}\u00a0\u00bb]<\/p>\n<p class=\"p1\">Sarah BORATAV, cheffe de projet \u00c9galit\u00e9-Diversit\u00e9<span class=\"s1\"> \u00e0 <\/span>l\u2019Universit\u00e9 Paris-Saclay depuis 2015, r\u00e9f\u00e9rente \u00e9galit\u00e9 et lutte contre les discrimiations pour les \u00e9tudiant\u00b7es et les personnels, responsable de la cellule VSS\/harc\u00e8lements. Dipl\u00f4m\u00e9e d\u2019un Master en<span class=\"s2\"> \u00e9tude de genre<\/span>,<span class=\"s2\"> <\/span>elle a notamment <span class=\"s1\">travaill\u00e9<\/span> en Am\u00e9rique Centrale dans des organisations internationales sur des programmes de lutte contre les violences faites aux femmes.<\/p>\n<p>[\/et_pb_team_member][et_pb_team_member image_url=\u00a0\u00bbhttps:\/\/www.vss-formation.fr\/wp-content\/uploads\/2024\/09\/david.jpg\u00a0\u00bb _builder_version=\u00a0\u00bb4.27.0&Prime; _module_preset=\u00a0\u00bbdefault\u00a0\u00bb header_text_align=\u00a0\u00bbcenter\u00a0\u00bb header_font_size=\u00a0\u00bb16px\u00a0\u00bb header_line_height=\u00a0\u00bb1.2em\u00a0\u00bb body_font=\u00a0\u00bbRoboto|300|||||||\u00a0\u00bb body_text_align=\u00a0\u00bbjustify\u00a0\u00bb body_text_color=\u00a0\u00bb#000000&Prime; body_font_size=\u00a0\u00bb15px\u00a0\u00bb body_line_height=\u00a0\u00bb1.5em\u00a0\u00bb position_text_color=\u00a0\u00bb#000000&Prime; position_font_size=\u00a0\u00bb15px\u00a0\u00bb position_line_height=\u00a0\u00bb1.6em\u00a0\u00bb background_color=\u00a0\u00bbrgba(30,159,152,0.05)\u00a0\u00bb custom_padding=\u00a0\u00bb40px|40px|40px|40px|true|true\u00a0\u00bb border_radii=\u00a0\u00bbon|20px|20px|20px|20px\u00a0\u00bb border_radii_image=\u00a0\u00bbon|400px|400px|400px|400px\u00a0\u00bb global_colors_info=\u00a0\u00bb{}\u00a0\u00bb]<\/p>\n<p class=\"p1\"><span class=\"s1\">David NIGET, <\/span>Enseignant-chercheur en histoire<span class=\"s2\">; il travaille sur <\/span>l&rsquo;histoire des d\u00e9viances juv\u00e9niles dans une perspective de genre, incluant la question des violences sexuelles. <span class=\"s2\">Depuis 2020, il est <\/span>charg\u00e9 de mission \u00e9galit\u00e9 pour l&rsquo;universit\u00e9 d&rsquo;Angers<span class=\"s2\">.<\/span><\/p>\n<p>[\/et_pb_team_member][et_pb_team_member image_url=\u00a0\u00bbhttps:\/\/www.vss-formation.fr\/wp-content\/uploads\/2024\/09\/rozenn.jpg\u00a0\u00bb _builder_version=\u00a0\u00bb4.27.0&Prime; _module_preset=\u00a0\u00bbdefault\u00a0\u00bb header_text_align=\u00a0\u00bbcenter\u00a0\u00bb header_font_size=\u00a0\u00bb16px\u00a0\u00bb header_line_height=\u00a0\u00bb1.2em\u00a0\u00bb body_font=\u00a0\u00bbRoboto|300|||||||\u00a0\u00bb body_text_align=\u00a0\u00bbjustify\u00a0\u00bb body_text_color=\u00a0\u00bb#000000&Prime; body_font_size=\u00a0\u00bb15px\u00a0\u00bb body_line_height=\u00a0\u00bb1.5em\u00a0\u00bb position_text_color=\u00a0\u00bb#000000&Prime; position_font_size=\u00a0\u00bb15px\u00a0\u00bb position_line_height=\u00a0\u00bb1.6em\u00a0\u00bb background_color=\u00a0\u00bbrgba(30,159,152,0.05)\u00a0\u00bb custom_padding=\u00a0\u00bb40px|40px|40px|40px|true|true\u00a0\u00bb border_radii=\u00a0\u00bbon|20px|20px|20px|20px\u00a0\u00bb border_radii_image=\u00a0\u00bbon|400px|400px|400px|400px\u00a0\u00bb global_colors_info=\u00a0\u00bb{}\u00a0\u00bb]<\/p>\n<p class=\"p1\">Rozenn TEXIER-PICARD, membre d\u2019honneur et ancienne pr\u00e9sidente de la CPED. Math\u00e9maticienne, en charge de <span class=\"s1\">l\u2019\u00c9galit\u00e9 femmes-hommes <\/span>\u00e0 l\u2019ENS Cachan puis l\u2019ENS Rennes de 2012 \u00e0 2019, elle a particip\u00e9 \u00e0 la mise en place d\u2019un dispositif mutualiste avec les universit\u00e9s de Rennes. Co- <span class=\"s2\">autrice <\/span>du Vade-mecum Le harc\u00e8lement sexuel dans l\u2019enseignement sup\u00e9rieur (2015-2017).<\/p>\n<p>[\/et_pb_team_member][et_pb_team_member image_url=\u00a0\u00bbhttps:\/\/www.vss-formation.fr\/wp-content\/uploads\/2026\/01\/SandrineVATON.jpg\u00a0\u00bb _builder_version=\u00a0\u00bb4.27.5&Prime; _module_preset=\u00a0\u00bbdefault\u00a0\u00bb header_text_align=\u00a0\u00bbcenter\u00a0\u00bb header_font_size=\u00a0\u00bb16px\u00a0\u00bb header_line_height=\u00a0\u00bb1.2em\u00a0\u00bb body_font=\u00a0\u00bbRoboto|300|||||||\u00a0\u00bb body_text_align=\u00a0\u00bbjustify\u00a0\u00bb body_text_color=\u00a0\u00bb#000000&Prime; body_font_size=\u00a0\u00bb15px\u00a0\u00bb body_line_height=\u00a0\u00bb1.5em\u00a0\u00bb position_text_color=\u00a0\u00bb#000000&Prime; position_font_size=\u00a0\u00bb15px\u00a0\u00bb position_line_height=\u00a0\u00bb1.6em\u00a0\u00bb background_color=\u00a0\u00bbrgba(30,159,152,0.05)\u00a0\u00bb custom_padding=\u00a0\u00bb40px|40px|40px|40px|true|true\u00a0\u00bb border_radii=\u00a0\u00bbon|20px|20px|20px|20px\u00a0\u00bb border_radii_image=\u00a0\u00bbon|400px|400px|400px|400px\u00a0\u00bb global_colors_info=\u00a0\u00bb{}\u00a0\u00bb]<\/p>\n<div>\n<p class=\"Standard\">Sandrine VATON est enseignante chercheuse \u00e0 IMT Atlantique. Elle a \u00e9t\u00e9 la premi\u00e8re charg\u00e9e de mission Egalit\u00e9 Femmes Hommes \u00e0 T\u00e9l\u00e9com Bretagne, puis IMT Atlantique, de 2013 \u00e0 2023. Dans le cadre du plan national de lutte contre les VSS du MESR elle a coordonn\u00e9 le module de formation en ligne \u00ab VSS : STOP ! \u00bb. Elle est chercheuse dans le domaine des r\u00e9seaux de t\u00e9l\u00e9communication et directrice de l&rsquo;\u00e9cole doctorale Sciences Pour l&rsquo;Ing\u00e9nieur et le Num\u00e9rique (ED SPIN).<o:p><\/o:p><\/p>\n<\/div>\n<p>[\/et_pb_team_member][et_pb_team_member image_url=\u00a0\u00bbhttps:\/\/www.vss-formation.fr\/wp-content\/uploads\/2024\/09\/cecile.jpg\u00a0\u00bb _builder_version=\u00a0\u00bb4.27.0&Prime; _module_preset=\u00a0\u00bbdefault\u00a0\u00bb header_text_align=\u00a0\u00bbcenter\u00a0\u00bb header_font_size=\u00a0\u00bb16px\u00a0\u00bb header_line_height=\u00a0\u00bb1.2em\u00a0\u00bb body_font=\u00a0\u00bbRoboto|300|||||||\u00a0\u00bb body_text_align=\u00a0\u00bbjustify\u00a0\u00bb body_text_color=\u00a0\u00bb#000000&Prime; body_font_size=\u00a0\u00bb15px\u00a0\u00bb body_line_height=\u00a0\u00bb1.5em\u00a0\u00bb position_text_color=\u00a0\u00bb#000000&Prime; position_font_size=\u00a0\u00bb15px\u00a0\u00bb position_line_height=\u00a0\u00bb1.6em\u00a0\u00bb background_color=\u00a0\u00bbrgba(30,159,152,0.05)\u00a0\u00bb custom_padding=\u00a0\u00bb40px|40px|40px|40px|true|true\u00a0\u00bb border_radii=\u00a0\u00bbon|20px|20px|20px|20px\u00a0\u00bb border_radii_image=\u00a0\u00bbon|400px|400px|400px|400px\u00a0\u00bb global_colors_info=\u00a0\u00bb{}\u00a0\u00bb]<\/p>\n<p class=\"p1\"><span class=\"s1\">C\u00e9cile VERMOT, sociologue,<\/span> enseignante-chercheuse et <span class=\"s1\">r\u00e9f\u00e9rente \u00c9galit\u00e9 <\/span>\u00e0 Sup\u2019Biotech Paris. Elle a cr\u00e9\u00e9 un <span class=\"s1\">dispositif <\/span><span class=\"s1\">contre les VSS <\/span>qu\u2019elle anime et coordonne aujourd\u2019hui.<span class=\"s1\"> <\/span>Elle est l\u2019autrice d\u2019articles sur les \u00e9motions et le genre dont \u00abMigration et \u00e9motions genr\u00e9es: Les Argentins \u00e0 Miami et \u00e0 Barcelone.\u00bb Migrations Soci\u00e9t\u00e9, 168, 67-83.<\/p>\n<p>[\/et_pb_team_member][\/et_pb_column][\/et_pb_row][\/et_pb_section]<\/p>\n","protected":false},"excerpt":{"rendered":"<p>VSS-FORMATION est un r\u00e9seau ind\u00e9pendant de formatrices, formateurs et intervenant\u00b7es expert\u00b7es en mati\u00e8re de violences sexistes et sexuelles (VSS) dans l\u2019enseignement sup\u00e9rieur et la recherche (ESR). Chaque formatrice ou formateur est ou a \u00e9t\u00e9 en poste dans un \u00e9tablissement d\u2019enseignement sup\u00e9rieur, et a \u00e9t\u00e9 impliqu\u00e9.e dans la cr\u00e9ation ou le d\u00e9veloppement d\u2019un dispositif de signalement [&hellip;]<\/p>\n","protected":false},"author":1,"featured_media":0,"parent":0,"menu_order":0,"comment_status":"closed","ping_status":"closed","template":"","meta":{"_acf_changed":false,"_et_pb_use_builder":"on","_et_pb_old_content":"<!-- wp:paragraph -->\n<p>Ceci est une page d\u2019exemple. C\u2019est diff\u00e9rent d\u2019un article de blog parce qu\u2019elle restera au m\u00eame endroit et appara\u00eetra dans la navigation de votre site (dans la plupart des th\u00e8mes). La plupart des gens commencent par une page \u00ab\u00a0\u00c0 propos\u00a0\u00bb qui les pr\u00e9sente aux personnes visitant le site. Cela pourrait ressembler \u00e0 quelque chose comme cela\u00a0:<\/p>\n<!-- \/wp:paragraph -->\n\n<!-- wp:quote -->\n<blockquote class=\"wp-block-quote\"><p>Bonjour\u00a0! Je suis un m\u00e9canicien qui aspire \u00e0 devenir acteur, et voici mon site. J\u2019habite \u00e0 Bordeaux, j\u2019ai un super chien baptis\u00e9 Russell, et j\u2019aime la vodka (ainsi qu\u2019\u00eatre surpris par la pluie soudaine lors de longues balades sur la plage au coucher du soleil).<\/p><\/blockquote>\n<!-- \/wp:quote -->\n\n<!-- wp:paragraph -->\n<p>\u2026ou quelque chose comme cela\u00a0:<\/p>\n<!-- \/wp:paragraph -->\n\n<!-- wp:quote -->\n<blockquote class=\"wp-block-quote\"><p>La soci\u00e9t\u00e9 123 Machin Truc a \u00e9t\u00e9 cr\u00e9\u00e9e en 1971, et n\u2019a cess\u00e9 de proposer au public des machins-trucs de qualit\u00e9 depuis lors. Situ\u00e9e \u00e0 Saint-Remy-en-Bouzemont-Saint-Genest-et-Isson, 123 Machin Truc emploie 2 000 personnes, et fabrique toutes sortes de bidules supers pour la communaut\u00e9 bouzemontoise.<\/p><\/blockquote>\n<!-- \/wp:quote -->\n\n<!-- wp:paragraph -->\n<p>En tant que nouvel utilisateur ou utilisatrice de WordPress, vous devriez vous rendre sur <a href=\"https:\/\/www.vss-formation.fr\/wp-admin\/\">votre tableau de bord<\/a> pour supprimer cette page et cr\u00e9er de nouvelles pages pour votre contenu. Amusez-vous bien\u00a0!<\/p>\n<!-- \/wp:paragraph -->","_et_gb_content_width":"","footnotes":""},"class_list":["post-209","page","type-page","status-publish","hentry"],"acf":[],"yoast_head":"<!-- This site is optimized with the Yoast SEO plugin v27.5 - https:\/\/yoast.com\/product\/yoast-seo-wordpress\/ -->\n<title>Qui sommes-nous - VSS Formation<\/title>\n<meta name=\"description\" content=\"VSS-FORMATION est un r\u00e9seau ind\u00e9pendant de formatrices, formateurs et intervenant\u00b7es expert\u00b7es en mati\u00e8re de violences sexistes et sexuelles (VSS) dans l\u2019enseignement sup\u00e9rieur et la recherche (ESR).Chaque formatrice ou formateur est ou a \u00e9t\u00e9 en poste dans un \u00e9tablissement d\u2019enseignement sup\u00e9rieur, et a \u00e9t\u00e9 impliqu\u00e9.e dans la cr\u00e9ation ou le d\u00e9veloppement d\u2019un dispositif de signalement ou de traitement des violences sexistes et sexuelles.\" \/>\n<meta name=\"robots\" content=\"index, follow, max-snippet:-1, max-image-preview:large, max-video-preview:-1\" \/>\n<link rel=\"canonical\" href=\"https:\/\/www.vss-formation.fr\/en\/who-we-are\/\" \/>\n<meta property=\"og:locale\" content=\"en_US\" \/>\n<meta property=\"og:type\" content=\"article\" \/>\n<meta property=\"og:title\" content=\"Qui sommes-nous - VSS Formation\" \/>\n<meta property=\"og:description\" content=\"VSS-FORMATION est un r\u00e9seau ind\u00e9pendant de formatrices, formateurs et intervenant\u00b7es expert\u00b7es en mati\u00e8re de violences sexistes et sexuelles (VSS) dans l\u2019enseignement sup\u00e9rieur et la recherche (ESR).Chaque formatrice ou formateur est ou a \u00e9t\u00e9 en poste dans un \u00e9tablissement d\u2019enseignement sup\u00e9rieur, et a \u00e9t\u00e9 impliqu\u00e9.e dans la cr\u00e9ation ou le d\u00e9veloppement d\u2019un dispositif de signalement ou de traitement des violences sexistes et sexuelles.\" \/>\n<meta property=\"og:url\" content=\"https:\/\/www.vss-formation.fr\/en\/who-we-are\/\" \/>\n<meta property=\"og:site_name\" content=\"VSS Formation\" \/>\n<meta property=\"article:modified_time\" content=\"2026-01-14T09:57:09+00:00\" \/>\n<meta property=\"og:image\" content=\"https:\/\/www.vss-formation.fr\/wp-content\/uploads\/2024\/08\/vss-formation-logo.png\" \/>\n\t<meta property=\"og:image:width\" content=\"1300\" \/>\n\t<meta property=\"og:image:height\" content=\"1302\" \/>\n\t<meta property=\"og:image:type\" content=\"image\/png\" \/>\n<meta name=\"twitter:card\" content=\"summary_large_image\" \/>\n<meta name=\"twitter:label1\" content=\"Est. reading time\" \/>\n\t<meta name=\"twitter:data1\" content=\"11 minutes\" \/>\n<script type=\"application\/ld+json\" class=\"yoast-schema-graph\">{\"@context\":\"https:\\\/\\\/schema.org\",\"@graph\":[{\"@type\":\"WebPage\",\"@id\":\"https:\\\/\\\/www.vss-formation.fr\\\/qui-sommes-nous\\\/\",\"url\":\"https:\\\/\\\/www.vss-formation.fr\\\/qui-sommes-nous\\\/\",\"name\":\"Qui sommes-nous - VSS Formation\",\"isPartOf\":{\"@id\":\"https:\\\/\\\/www.vss-formation.fr\\\/#website\"},\"datePublished\":\"2024-09-18T10:03:36+00:00\",\"dateModified\":\"2026-01-14T09:57:09+00:00\",\"description\":\"VSS-FORMATION est un r\u00e9seau ind\u00e9pendant de formatrices, formateurs et intervenant\u00b7es expert\u00b7es en mati\u00e8re de violences sexistes et sexuelles (VSS) dans l\u2019enseignement sup\u00e9rieur et la recherche (ESR).Chaque formatrice ou formateur est ou a \u00e9t\u00e9 en poste dans un \u00e9tablissement d\u2019enseignement sup\u00e9rieur, et a \u00e9t\u00e9 impliqu\u00e9.e dans la cr\u00e9ation ou le d\u00e9veloppement d\u2019un dispositif de signalement ou de traitement des violences sexistes et sexuelles.\",\"breadcrumb\":{\"@id\":\"https:\\\/\\\/www.vss-formation.fr\\\/qui-sommes-nous\\\/#breadcrumb\"},\"inLanguage\":\"en-US\",\"potentialAction\":[{\"@type\":\"ReadAction\",\"target\":[\"https:\\\/\\\/www.vss-formation.fr\\\/qui-sommes-nous\\\/\"]}]},{\"@type\":\"BreadcrumbList\",\"@id\":\"https:\\\/\\\/www.vss-formation.fr\\\/qui-sommes-nous\\\/#breadcrumb\",\"itemListElement\":[{\"@type\":\"ListItem\",\"position\":1,\"name\":\"Accueil\",\"item\":\"https:\\\/\\\/www.vss-formation.fr\\\/\"},{\"@type\":\"ListItem\",\"position\":2,\"name\":\"Qui sommes-nous\"}]},{\"@type\":\"WebSite\",\"@id\":\"https:\\\/\\\/www.vss-formation.fr\\\/#website\",\"url\":\"https:\\\/\\\/www.vss-formation.fr\\\/\",\"name\":\"VSS Formation\",\"description\":\"Violences sexistes et sexuelles STOP !\",\"publisher\":{\"@id\":\"https:\\\/\\\/www.vss-formation.fr\\\/#organization\"},\"alternateName\":\"Violences sexistes et sexuelles STOP !\",\"potentialAction\":[{\"@type\":\"SearchAction\",\"target\":{\"@type\":\"EntryPoint\",\"urlTemplate\":\"https:\\\/\\\/www.vss-formation.fr\\\/?s={search_term_string}\"},\"query-input\":{\"@type\":\"PropertyValueSpecification\",\"valueRequired\":true,\"valueName\":\"search_term_string\"}}],\"inLanguage\":\"en-US\"},{\"@type\":\"Organization\",\"@id\":\"https:\\\/\\\/www.vss-formation.fr\\\/#organization\",\"name\":\"VSS-Formation\",\"alternateName\":\"Violences sexistes et sexuelles STOP\",\"url\":\"https:\\\/\\\/www.vss-formation.fr\\\/\",\"logo\":{\"@type\":\"ImageObject\",\"inLanguage\":\"en-US\",\"@id\":\"https:\\\/\\\/www.vss-formation.fr\\\/#\\\/schema\\\/logo\\\/image\\\/\",\"url\":\"https:\\\/\\\/www.vss-formation.fr\\\/wp-content\\\/uploads\\\/2024\\\/08\\\/vss-formation-logo.png\",\"contentUrl\":\"https:\\\/\\\/www.vss-formation.fr\\\/wp-content\\\/uploads\\\/2024\\\/08\\\/vss-formation-logo.png\",\"width\":1300,\"height\":1302,\"caption\":\"VSS-Formation\"},\"image\":{\"@id\":\"https:\\\/\\\/www.vss-formation.fr\\\/#\\\/schema\\\/logo\\\/image\\\/\"}}]}<\/script>\n<!-- \/ Yoast SEO plugin. -->","yoast_head_json":{"title":"About us - VSS Formation","description":"VSS-FORMATION is an independent network of trainers and experts in the field of gender-based and sexual violence (GBV) in higher education and research (ESR). Each trainer is or has been based in a higher education establishment, and has been involved in the creation or development of a system for reporting or dealing with gender-based and sexual violence.","robots":{"index":"index","follow":"follow","max-snippet":"max-snippet:-1","max-image-preview":"max-image-preview:large","max-video-preview":"max-video-preview:-1"},"canonical":"https:\/\/www.vss-formation.fr\/en\/who-we-are\/","og_locale":"en_US","og_type":"article","og_title":"Qui sommes-nous - VSS Formation","og_description":"VSS-FORMATION est un r\u00e9seau ind\u00e9pendant de formatrices, formateurs et intervenant\u00b7es expert\u00b7es en mati\u00e8re de violences sexistes et sexuelles (VSS) dans l\u2019enseignement sup\u00e9rieur et la recherche (ESR).Chaque formatrice ou formateur est ou a \u00e9t\u00e9 en poste dans un \u00e9tablissement d\u2019enseignement sup\u00e9rieur, et a \u00e9t\u00e9 impliqu\u00e9.e dans la cr\u00e9ation ou le d\u00e9veloppement d\u2019un dispositif de signalement ou de traitement des violences sexistes et sexuelles.","og_url":"https:\/\/www.vss-formation.fr\/en\/who-we-are\/","og_site_name":"VSS Formation","article_modified_time":"2026-01-14T09:57:09+00:00","og_image":[{"width":1300,"height":1302,"url":"https:\/\/www.vss-formation.fr\/wp-content\/uploads\/2024\/08\/vss-formation-logo.png","type":"image\/png"}],"twitter_card":"summary_large_image","twitter_misc":{"Est. reading time":"11 minutes"},"schema":{"@context":"https:\/\/schema.org","@graph":[{"@type":"WebPage","@id":"https:\/\/www.vss-formation.fr\/qui-sommes-nous\/","url":"https:\/\/www.vss-formation.fr\/qui-sommes-nous\/","name":"About us - VSS Formation","isPartOf":{"@id":"https:\/\/www.vss-formation.fr\/#website"},"datePublished":"2024-09-18T10:03:36+00:00","dateModified":"2026-01-14T09:57:09+00:00","description":"VSS-FORMATION is an independent network of trainers and experts in the field of gender-based and sexual violence (GBV) in higher education and research (ESR). Each trainer is or has been based in a higher education establishment, and has been involved in the creation or development of a system for reporting or dealing with gender-based and sexual violence.","breadcrumb":{"@id":"https:\/\/www.vss-formation.fr\/qui-sommes-nous\/#breadcrumb"},"inLanguage":"en-US","potentialAction":[{"@type":"ReadAction","target":["https:\/\/www.vss-formation.fr\/qui-sommes-nous\/"]}]},{"@type":"BreadcrumbList","@id":"https:\/\/www.vss-formation.fr\/qui-sommes-nous\/#breadcrumb","itemListElement":[{"@type":"ListItem","position":1,"name":"Accueil","item":"https:\/\/www.vss-formation.fr\/"},{"@type":"ListItem","position":2,"name":"Qui sommes-nous"}]},{"@type":"WebSite","@id":"https:\/\/www.vss-formation.fr\/#website","url":"https:\/\/www.vss-formation.fr\/","name":"VSS Formation","description":"Sexist and sexual violence STOP!","publisher":{"@id":"https:\/\/www.vss-formation.fr\/#organization"},"alternateName":"Violences sexistes et sexuelles STOP !","potentialAction":[{"@type":"SearchAction","target":{"@type":"EntryPoint","urlTemplate":"https:\/\/www.vss-formation.fr\/?s={search_term_string}"},"query-input":{"@type":"PropertyValueSpecification","valueRequired":true,"valueName":"search_term_string"}}],"inLanguage":"en-US"},{"@type":"Organization","@id":"https:\/\/www.vss-formation.fr\/#organization","name":"VSS-Training","alternateName":"Violences sexistes et sexuelles STOP","url":"https:\/\/www.vss-formation.fr\/","logo":{"@type":"ImageObject","inLanguage":"en-US","@id":"https:\/\/www.vss-formation.fr\/#\/schema\/logo\/image\/","url":"https:\/\/www.vss-formation.fr\/wp-content\/uploads\/2024\/08\/vss-formation-logo.png","contentUrl":"https:\/\/www.vss-formation.fr\/wp-content\/uploads\/2024\/08\/vss-formation-logo.png","width":1300,"height":1302,"caption":"VSS-Formation"},"image":{"@id":"https:\/\/www.vss-formation.fr\/#\/schema\/logo\/image\/"}}]}},"_links":{"self":[{"href":"https:\/\/www.vss-formation.fr\/en\/wp-json\/wp\/v2\/pages\/209","targetHints":{"allow":["GET"]}}],"collection":[{"href":"https:\/\/www.vss-formation.fr\/en\/wp-json\/wp\/v2\/pages"}],"about":[{"href":"https:\/\/www.vss-formation.fr\/en\/wp-json\/wp\/v2\/types\/page"}],"author":[{"embeddable":true,"href":"https:\/\/www.vss-formation.fr\/en\/wp-json\/wp\/v2\/users\/1"}],"replies":[{"embeddable":true,"href":"https:\/\/www.vss-formation.fr\/en\/wp-json\/wp\/v2\/comments?post=209"}],"version-history":[{"count":21,"href":"https:\/\/www.vss-formation.fr\/en\/wp-json\/wp\/v2\/pages\/209\/revisions"}],"predecessor-version":[{"id":606,"href":"https:\/\/www.vss-formation.fr\/en\/wp-json\/wp\/v2\/pages\/209\/revisions\/606"}],"wp:attachment":[{"href":"https:\/\/www.vss-formation.fr\/en\/wp-json\/wp\/v2\/media?parent=209"}],"curies":[{"name":"wp","href":"https:\/\/api.w.org\/{rel}","templated":true}]}}